{"id":1116,"date":"2018-09-17T18:13:12","date_gmt":"2018-09-17T17:13:12","guid":{"rendered":"https:\/\/www.granviksforskola.se\/?page_id=1116"},"modified":"2018-09-17T18:19:48","modified_gmt":"2018-09-17T17:19:48","slug":"intigritetspolicy","status":"publish","type":"page","link":"https:\/\/www.granviksforskola.se\/?page_id=1116","title":{"rendered":"Intigritetspolicy"},"content":{"rendered":"<p>Integritets Policy \u2013 GDPR<span data-ccp-props=\"{&quot;201341983&quot;:0,&quot;335559739&quot;:160,&quot;335559740&quot;:259}\">\u00a0<\/span><\/p>\n<p>GDPR \u2013 General Data Protection Regulation<span data-ccp-props=\"{&quot;201341983&quot;:0,&quot;335559739&quot;:160,&quot;335559740&quot;:259}\">\u00a0<\/span><\/p>\n<p>Denna information delges till alla personer som har kontakt med personalkooperativet Granviks f\u00f6rskola Ekonomiska f\u00f6rening enligt dataskyddslagen g\u00e4llande from 2018-05-25.<\/p>\n<p>&nbsp;<\/p>\n<p><b>Inledning<\/b><span data-ccp-props=\"{&quot;201341983&quot;:0,&quot;335559739&quot;:160,&quot;335559740&quot;:259}\">\u00a0<\/span><\/p>\n<p>Vi v\u00e4rnar om ditt barns, dig som v\u00e5rdnadshavare samt v\u00e5r personals integritet och arbetar f\u00f6r att s\u00e4kerst\u00e4lla att dessa personuppgifter skyddas. Ni skall kunna k\u00e4nna er trygga n\u00e4r ni anf\u00f6rtror er och l\u00e4mnar era personuppgifter till oss. Nedan f\u00f6ljer v\u00e5r policy avseende integritet (integritetspolicy) som fastst\u00e4ller hur Granviks f\u00f6rskola anv\u00e4nder, bearbetar, skyddar och arkiverar\/gallrar era personuppgifter. Den utg\u00e5r fr\u00e5n g\u00e4llande dataskyddslagstiftning och f\u00f6rtydligar hur vi arbetar f\u00f6r att ta tillvara era r\u00e4ttigheter och er integritet. Denna policy \u00e4r f\u00f6rankrad hos alla v\u00e5ra medarbetare p\u00e5 Granviks f\u00f6rskola.<\/p>\n<p>&nbsp;<\/p>\n<p><b>Syfte<\/b><span data-ccp-props=\"{&quot;201341983&quot;:0,&quot;335559739&quot;:160,&quot;335559740&quot;:259}\">\u00a0<\/span><\/p>\n<p>Syftet med denna policy \u00e4r att s\u00e4kerst\u00e4lla att Granviks f\u00f6rskola hanterar personuppgifter i enlighet med Eus dataskyddsf\u00f6rordning GDPR. Policyn omfattar alla behandlingar d\u00e4r personuppgifter hanteras och omfattar s\u00e5v\u00e4l strukturerad som ostrukturerad data. Ni skall f\u00e5 veta hur vi behandlar dina personuppgifter, vad vi anv\u00e4nder dem till, vilka som f\u00e5r ta del av dem och under vilka f\u00f6ruts\u00e4ttningar samt hur du kan ta tillvara dina r\u00e4ttigheter.\u00a0<span data-ccp-props=\"{&quot;201341983&quot;:0,&quot;335559739&quot;:160,&quot;335559740&quot;:259}\">\u00a0<\/span><\/p>\n<ul>\n<li>Barnens och v\u00e5rdnadshavarnas personuppgifter \u00e4r deras egna \u2013 vi l\u00e5nar dem bara.<\/li>\n<li>Vi ska enbart anv\u00e4nda de personuppgifter som vi verkligen beh\u00f6ver f\u00f6r det aktuella syftet.<\/li>\n<li>Vi ska i s\u00e5 liten utstr\u00e4ckning som m\u00f6jligt hantera (samla in, lagra och sprida) k\u00e4nsliga personuppgifter.<\/li>\n<li>Vi ska i m\u00f6jligaste m\u00e5n efterstr\u00e4va att v\u00e5r hantering av personuppgifter vilar p\u00e5 annan r\u00e4ttslig grund \u00e4n samtycke.<\/li>\n<\/ul>\n<p><span data-ccp-props=\"{&quot;201341983&quot;:0,&quot;335559739&quot;:160,&quot;335559740&quot;:259}\">\u00a0<\/span><\/p>\n<p><b>Behandling av personuppgifter\u00a0<\/b><span data-ccp-props=\"{&quot;201341983&quot;:0,&quot;335559739&quot;:160,&quot;335559740&quot;:259}\">\u00a0<\/span><\/p>\n<p>Vi p\u00e5 Granviks f\u00f6rskola behandlar era personuppgifter fr\u00e4mst f\u00f6r att fullf\u00f6lja v\u00e5ra f\u00f6rpliktelser mot er. V\u00e5r utg\u00e5ngspunkt \u00e4r att inte behandla fler personuppgifter \u00e4n vad som beh\u00f6vs f\u00f6r \u00e4ndam\u00e5l, och vi str\u00e4var alltid efter att anv\u00e4nda de minst integritetsk\u00e4nsliga uppgifterna.\u00a0<span data-ccp-props=\"{&quot;201341983&quot;:0,&quot;335559739&quot;:160,&quot;335559740&quot;:259}\">\u00a0<\/span><\/p>\n<p><span data-ccp-props=\"{&quot;201341983&quot;:0,&quot;335559739&quot;:160,&quot;335559740&quot;:259}\">\u00a0<\/span><\/p>\n<p><b>Om dataskyddsf\u00f6rordningen<\/b> &#8211; Lagens sex grundprinciper\u00a0<span data-ccp-props=\"{&quot;201341983&quot;:0,&quot;335559739&quot;:160,&quot;335559740&quot;:259}\">\u00a0<\/span><\/p>\n<p>Dataskyddsf\u00f6rordningen har sex grundprinciper. De \u00e4r 1) laglighet, 2) \u00e4ndam\u00e5lsbegr\u00e4nsning, 3) uppgiftsminimering, 4) korrekthet, 5) lagringsminimering samt 6) integritet och konfidentialitet.\u00a0<span data-ccp-props=\"{&quot;201341983&quot;:0,&quot;335559739&quot;:160,&quot;335559740&quot;:259}\">\u00a0<\/span><\/p>\n<p><span data-ccp-props=\"{&quot;201341983&quot;:0,&quot;335559739&quot;:160,&quot;335559740&quot;:259}\">\u00a0<\/span><\/p>\n<p><b>De sex grundprinciperna inneb\u00e4r att personuppgifter:<\/b>\u00a0<span data-ccp-props=\"{&quot;201341983&quot;:0,&quot;335559739&quot;:160,&quot;335559740&quot;:259}\">\u00a0<\/span><\/p>\n<ol>\n<li>Ska behandlas p\u00e5 ett lagligt, korrekt och \u00f6ppet s\u00e4tt (laglighet).<\/li>\n<li>Bara f\u00e5r samlas in f\u00f6r s\u00e4rskilda, uttryckligen angivna och ber\u00e4ttigade \u00e4ndam\u00e5l. De f\u00e5r inte behandlas f\u00f6r n\u00e5got \u00e4ndam\u00e5l som inte \u00e4r f\u00f6renligt med dessa \u00e4ndam\u00e5l (\u00e4ndam\u00e5lsbegr\u00e4nsning).<\/li>\n<li>Ska vara adekvata, relevanta och man ska inte samla in fler personuppgifter \u00e4n vad som \u00e4r n\u00f6dv\u00e4ndigt f\u00f6r det angivna \u00e4ndam\u00e5let (uppgiftsminimering).<\/li>\n<li>Ska vara riktiga och (om n\u00f6dv\u00e4ndigt) uppdaterade (korrekthet).<\/li>\n<li>Inte f\u00e5r behandlas under l\u00e4ngre tid \u00e4n vad som \u00e4r n\u00f6dv\u00e4ndigt med h\u00e4nsyn till \u00e4ndam\u00e5len (lagringsminimering).<\/li>\n<li>Bara f\u00e5r behandlas om de kan skyddas p\u00e5 ett l\u00e4mpligt s\u00e4tt (integritet och konfidentialitet)<\/li>\n<\/ol>\n<p><span data-ccp-props=\"{&quot;201341983&quot;:0,&quot;335559739&quot;:160,&quot;335559740&quot;:259}\">\u00a0<\/span><\/p>\n<p><b>Behandlas dina personuppgifter p\u00e5 ett betryggande s\u00e4tt?<\/b>\u00a0<span data-ccp-props=\"{&quot;201341983&quot;:0,&quot;335559739&quot;:160,&quot;335559740&quot;:259}\">\u00a0<\/span><\/p>\n<ul>\n<li>Vi utarbetar rutiner och arbetss\u00e4tt f\u00f6r att personuppgifter ska hanteras p\u00e5 ett s\u00e4kert s\u00e4tt. Utg\u00e5ngspunkten \u00e4r att endast arbetstagare och andra personer inom f\u00f6rskolan som beh\u00f6ver personuppgifterna f\u00f6r att utf\u00f6ra sina arbetsuppgifter ska ha tillg\u00e5ng till dem.<\/li>\n<li>I fr\u00e5ga om k\u00e4nsliga personuppgifter har vi inr\u00e4ttat s\u00e4rskilda beh\u00f6righetskontroller, vilket inneb\u00e4r ett h\u00f6gre skydd f\u00f6r dina personuppgifter.<\/li>\n<li>V\u00e5ra s\u00e4kerhetssystem \u00e4r utvecklade med din integritet i fokus och skyddar i mycket h\u00f6g grad mot intr\u00e5ng, f\u00f6rst\u00f6ring samt andra f\u00f6r\u00e4ndringar som kan inneb\u00e4ra en risk f\u00f6r din integritet.<\/li>\n<li>Vi har flera policyer f\u00f6r IT-s\u00e4kerhet f\u00f6r att s\u00e4kerst\u00e4lla att dina personuppgifter behandlas s\u00e4kert.<\/li>\n<li>Vi \u00f6verf\u00f6r inte personuppgifter i andra fall \u00e4n de som uttryckligen anges i denna policy.<\/li>\n<\/ul>\n<p><span data-ccp-props=\"{&quot;201341983&quot;:0,&quot;335559739&quot;:160,&quot;335559740&quot;:259}\">\u00a0<\/span><\/p>\n<p>Vem ansvarar f\u00f6r dina personuppgifter &#8211; personuppgiftsansvarig\u00a0<span data-ccp-props=\"{&quot;201341983&quot;:0,&quot;335559739&quot;:160,&quot;335559740&quot;:259}\">\u00a0<\/span><\/p>\n<p>Granviks f\u00f6rskola \u00e4r personuppgiftsansvarig, vilket inneb\u00e4r att vi \u00e4r ansvariga f\u00f6r hur dina personuppgifter behandlas och att dina r\u00e4ttigheter tas tillvara.\u00a0<span data-ccp-props=\"{&quot;201341983&quot;:0,&quot;335559739&quot;:160,&quot;335559740&quot;:259}\">\u00a0<\/span><\/p>\n<p><i>Kontaktuppgifter:\u00a0<\/i><span data-ccp-props=\"{&quot;201341983&quot;:0,&quot;335559739&quot;:40,&quot;335559740&quot;:259}\">\u00a0<\/span><\/p>\n<p>Granviks f\u00f6rskola\u00a0\u00a0<span data-ccp-props=\"{&quot;201341983&quot;:0,&quot;335559739&quot;:40,&quot;335559740&quot;:259}\">\u00a0<\/span><\/p>\n<p>Granviksv\u00e4gen 30<span data-ccp-props=\"{&quot;201341983&quot;:0,&quot;335559739&quot;:40,&quot;335559740&quot;:259}\">\u00a0<\/span><\/p>\n<p>236 32\u00a0 H\u00f6llviken<span data-ccp-props=\"{&quot;201341983&quot;:0,&quot;335559739&quot;:40,&quot;335559740&quot;:259}\">\u00a0<\/span><\/p>\n<p>Sverige<span data-ccp-props=\"{&quot;201341983&quot;:0,&quot;335559739&quot;:40,&quot;335559740&quot;:259}\">\u00a0<\/span><\/p>\n<p>Tel. <a href=\"tel:040457650\">040-45 76 50<\/a><span data-ccp-props=\"{&quot;201341983&quot;:0,&quot;335559739&quot;:40,&quot;335559740&quot;:259}\">\u00a0<\/span><\/p>\n<p>E-post: <a href=\"mailto:info@granviksforskola.se\">info@granviksforskola.se<\/a><span data-ccp-props=\"{&quot;201341983&quot;:0,&quot;335559739&quot;:40,&quot;335559740&quot;:259}\">\u00a0<\/span><\/p>\n<p><span data-ccp-props=\"{&quot;201341983&quot;:0,&quot;335559739&quot;:40,&quot;335559740&quot;:259}\">\u00a0<\/span><\/p>\n<p>Vi f\u00e5r tillg\u00e5ng till dina personuppgifter p\u00e5 f\u00f6ljande s\u00e4tt:\u00a0<span data-ccp-props=\"{&quot;201341983&quot;:0,&quot;335559739&quot;:160,&quot;335559740&quot;:259}\">\u00a0<\/span><\/p>\n<ul>\n<li>Uppgifter som ni tillhanda h\u00e5ller oss direkt:<\/li>\n<\/ul>\n<ol>\n<li data-leveltext=\"%1.\" data-font=\"\" data-listid=\"1\" aria-setsize=\"-1\" data-aria-posinset=\"1\" data-aria-level=\"1\">Vid ans\u00f6kan om plats (k\u00f6 anm\u00e4lan)\u00a0<span data-ccp-props=\"{&quot;134233279&quot;:true,&quot;201341983&quot;:0,&quot;335559739&quot;:160,&quot;335559740&quot;:259}\">\u00a0<\/span><\/li>\n<\/ol>\n<ol>\n<li data-leveltext=\"%1.\" data-font=\"\" data-listid=\"1\" aria-setsize=\"-1\" data-aria-posinset=\"2\" data-aria-level=\"1\">\u00a0Vid avtal om barnets plats\u00a0<span data-ccp-props=\"{&quot;134233279&quot;:true,&quot;201341983&quot;:0,&quot;335559739&quot;:160,&quot;335559740&quot;:259}\">\u00a0<\/span><\/li>\n<\/ol>\n<ul>\n<li>Uppgifter som registreras n\u00e4r ni bes\u00f6ker v\u00e5r hemsida<\/li>\n<li>Uppgifter som ni l\u00e4mnar till v\u00e5ra anst\u00e4llda<\/li>\n<li>Uppgifter som vi f\u00e5r n\u00e4r ni anm\u00e4ler er till alla v\u00e5ra utskick (e-postadress)<\/li>\n<li>Uppgifter som vi f\u00e5r n\u00e4r ni svarar p\u00e5 enk\u00e4ter och unders\u00f6kningar<\/li>\n<li>Uppgifter som vi f\u00e5r n\u00e4r ni kontaktar oss eller bes\u00f6ker oss<\/li>\n<\/ul>\n<p><b>N\u00e4r l\u00e4mnar vi ut dina personuppgifter?\u00a0<\/b><span data-ccp-props=\"{&quot;201341983&quot;:0,&quot;335559739&quot;:160,&quot;335559740&quot;:259}\">\u00a0<\/span><\/p>\n<p><b>Personuppgiftsbitr\u00e4de<\/b>\u00a0<span data-ccp-props=\"{&quot;201341983&quot;:0,&quot;335559739&quot;:160,&quot;335559740&quot;:259}\">\u00a0<\/span><\/p>\n<p>V\u00e5r utg\u00e5ngspunkt \u00e4r att inte l\u00e4mna ut dina personuppgifter till tredje part om du inte har samtyckt till det eller om det inte \u00e4r n\u00f6dv\u00e4ndigt f\u00f6r att uppfylla v\u00e5ra f\u00f6rpliktelser enligt avtal eller lag. I de fall vi l\u00e4mnar ut personuppgifter till tredje part uppr\u00e4ttar vi sekretessavtal samt s\u00e4kerst\u00e4ller att personuppgifterna behandlas p\u00e5 ett betryggande s\u00e4tt. Ett viktigt krav i den nya lagstiftningen \u00e4r att den som behandlar personuppgifter ska kunna visa att man f\u00f6ljer best\u00e4mmelserna i lagen. Det g\u00e4ller oavsett om man behandlar personuppgifterna sj\u00e4lv eller om man \u00f6verl\u00e5ter behandlingen till en samarbetspartner. D\u00e4rf\u00f6r tecknar Granviks f\u00f6rskola personuppgiftsbitr\u00e4desavtal med alla leverant\u00f6rer som p\u00e5 n\u00e5got s\u00e4tt behandlar personuppgifter.\u00a0<span data-ccp-props=\"{&quot;201341983&quot;:0,&quot;335559739&quot;:160,&quot;335559740&quot;:259}\">\u00a0<\/span><\/p>\n<p><b>Hur l\u00e4nge lagrar vi uppgifter om dig?<\/b>\u00a0<span data-ccp-props=\"{&quot;201341983&quot;:0,&quot;335559739&quot;:160,&quot;335559740&quot;:259}\">\u00a0<\/span><\/p>\n<p>Insamlade personuppgifter som inte l\u00e4ngre beh\u00f6vs ska gallras, medan vissa insamlade personuppgifter m\u00e5ste arkiveras under kortare eller l\u00e4ngre tid innan de kan raderas. F\u00f6r att s\u00e4kerst\u00e4lla att arkivering och gallring sker korrekt finns en dokumenthanteringsplan och en rutin f\u00f6r arkivering. Dokumenthanteringsplanen anger hur f\u00f6retagsuppgifter och avtal ska gallras medan arkiveringsrutinen beskriver hur l\u00e4nge f\u00f6rskolans specifika dokument av barnens ska sparas.\u00a0<span data-ccp-props=\"{&quot;201341983&quot;:0,&quot;335559739&quot;:160,&quot;335559740&quot;:259}\">\u00a0<\/span><\/p>\n<p><b>Anv\u00e4ndning av digitala verktyg<\/b>\u00a0<span data-ccp-props=\"{&quot;201341983&quot;:0,&quot;335559739&quot;:160,&quot;335559740&quot;:259}\">\u00a0<\/span><\/p>\n<p>En policy f\u00f6r anv\u00e4ndning av digitala verktyg \u00e4r en viktig del av v\u00e5ra rutiner. Syftet med den \u00e4r att hj\u00e4lpa medarbetare att anv\u00e4nda digitala verktyg och medier med gott omd\u00f6me och att undvika risker. Den ska l\u00e4sas av alla medarbetare samt vid nyanst\u00e4llning innan de b\u00f6rjar arbeta f\u00f6r Granviks F\u00f6rskola.<\/p>\n<p>&nbsp;<\/p>\n<p><b>Personuppgiftsincident<\/b>\u00a0<span data-ccp-props=\"{&quot;201341983&quot;:0,&quot;335559739&quot;:160,&quot;335559740&quot;:259}\">\u00a0<\/span><\/p>\n<p>En personuppgiftsincident \u00e4r en h\u00e4ndelse d\u00e4r vi oavsiktligt f\u00f6rlorat, \u00e4ndrat eller delat med oss av personuppgifter till n\u00e5gon obeh\u00f6rig. Exempel p\u00e5 personuppgiftsincidenter \u00e4r n\u00e4r:\u00a0<span data-ccp-props=\"{&quot;201341983&quot;:0,&quot;335559739&quot;:160,&quot;335559740&quot;:259}\">\u00a0<\/span><\/p>\n<ul>\n<li>Ett mejl med integritetsk\u00e4nsliga personuppgifter om ett barn skickats till fel person<\/li>\n<li>En registerp\u00e4rm med personuppgifter stj\u00e4ls fr\u00e5n f\u00f6rskolan<\/li>\n<li>Ett misst\u00e4nkt intr\u00e5ng sker i n\u00e5gon dator.<\/li>\n<\/ul>\n<p>N\u00e4r en personuppgiftsincident har intr\u00e4ffat ska det omg\u00e5ende informeras till f\u00f6rskolechefen. F\u00f6rskolechefen ansvarar f\u00f6r dokumentation och eventuell rapportering till Datainspektionen (inom 72 timmar fr\u00e5n att incidenten identifierats). Vid behov informeras v\u00e5rdnadshavare om vad som skett och vilka \u00e5tg\u00e4rder som vidtagits.\u00a0<span data-ccp-props=\"{&quot;201341983&quot;:0,&quot;335559739&quot;:160,&quot;335559740&quot;:259}\">\u00a0<\/span><\/p>\n<p><span data-ccp-props=\"{&quot;201341983&quot;:0,&quot;335559739&quot;:160,&quot;335559740&quot;:259}\">\u00a0<\/span><\/p>\n<p><b>Hantering av personuppgifter<\/b>\u00a0<span data-ccp-props=\"{&quot;201341983&quot;:0,&quot;335559739&quot;:160,&quot;335559740&quot;:259}\">\u00a0<\/span><\/p>\n<p>Vilka personuppgifter samlar vi in och behandlar om dig? Granviks f\u00f6rskola avser att behandla alla personuppgifter p\u00e5 ett lagligt \u00f6ppet och r\u00e4ttvist s\u00e4tt i enlighet med lagstiftningen. Vi behandlar inte personuppgifter i annat fall \u00e4n n\u00e4r de beh\u00f6vs f\u00f6r att fullg\u00f6ra f\u00f6rpliktelser enligt avtal och lag.<span data-ccp-props=\"{&quot;201341983&quot;:0,&quot;335559739&quot;:160,&quot;335559740&quot;:259}\">\u00a0<\/span><\/p>\n<p>H\u00e4r f\u00f6ljer exempel p\u00e5 personuppgifterna vi behandlar:\u00a0<span data-ccp-props=\"{&quot;201341983&quot;:0,&quot;335559739&quot;:160,&quot;335559740&quot;:259}\">\u00a0<\/span><\/p>\n<ul>\n<li>Namn<\/li>\n<li>Adress<\/li>\n<li>E-postadress<\/li>\n<li>Telefonnummer<\/li>\n<li>Personnummer<\/li>\n<li>Inkomstuppgift<\/li>\n<li>Kontoinformation<\/li>\n<li>Fotografier\/bilder\/film (vid samtycke samt f\u00f6rskole applikationen)<\/li>\n<li>Uppgifter som du registrerar sj\u00e4lvmant och frivilligt uppger<\/li>\n<\/ul>\n<p><span data-ccp-props=\"{&quot;201341983&quot;:0,&quot;335559739&quot;:40,&quot;335559740&quot;:259}\">\u00a0<\/span><\/p>\n<ol>\n<li>Hanteringen av personuppgifter best\u00e5r av flera olika moment d\u00e4r varje moment juridiskt sett betraktas som en personuppgiftsbehandling. Hanteringen kan ses som en process som b\u00f6rjar med insamling och avslutas med gallring.\u00a0<span data-ccp-props=\"{&quot;201341983&quot;:0,&quot;335559739&quot;:160,&quot;335559740&quot;:259}\">\u00a0<\/span>\n<ol>\n<li>Inh\u00e4mtning<\/li>\n<li>Lagring\/registrering\/samtycke<\/li>\n<li>Hantering\/spara<\/li>\n<li>Delning<\/li>\n<li>Arkivering\/gallring<\/li>\n<\/ol>\n<p><span data-ccp-props=\"{&quot;201341983&quot;:0,&quot;335559739&quot;:160,&quot;335559740&quot;:259}\">\u00a0<\/span><\/p>\n<ol>\n<li>Inh\u00e4mtning F\u00f6r att kunna fullf\u00f6lja v\u00e5ra villkor enlig lag, f\u00f6rordningar och avtal \u00e4r det n\u00f6dv\u00e4ndigt att inh\u00e4mta era personuppgifter. Vi beh\u00f6ver ocks\u00e5 dina personuppgifter f\u00f6r att ge dig bra service exempelvis vad g\u00e4ller uppf\u00f6ljning och information. Dina personuppgifter behandlas, exempelvis n\u00e4r v\u00e5rdnadshavare placerar sitt barn i k\u00f6 eller n\u00e4r ett barn b\u00f6rjar p\u00e5 f\u00f6rskolan.<\/li>\n<li>Lagring\/registrering\/samtycke Innan personuppgifter samlas in m\u00e5ste f\u00f6rskolan bed\u00f6ma om samtycke kr\u00e4vs. Samtyckes avtal kan i vissa fall inh\u00e4mtas av personuppgifter som inte uppfyller lagar och f\u00f6rordningar. Vi inh\u00e4mtar samtycke i de fall som inte lyder under de lagar, f\u00f6rordningar och avtal. I f\u00f6rskolan kr\u00e4vs alltid b\u00e5da v\u00e5rdnadshavarnas samtycke f\u00f6r att f\u00e5 publicera en bild\/foto\/film p\u00e5 sociala medier, p\u00e5 webbsida eller i tryck d\u00e4r barnet g\u00e5r att identifiera. F\u00f6rskolan ansvarar f\u00f6r att f\u00f6rskolan har dokumenterade och korrekta samtycken f\u00f6r de situationer d\u00e4r bilder\/foton\/filmer anv\u00e4nds i f\u00f6rskolans lokala marknadsf\u00f6ring eller inom verksamheten. Du har n\u00e4r som helst r\u00e4tt att \u00e5terkalla ditt samtycke. Vi kommer d\u00e5 inte l\u00e4ngre att behandla era personuppgifter eller inh\u00e4mta nya, under f\u00f6ruts\u00e4ttning att det inte beh\u00f6vs f\u00f6r att fullg\u00f6ra v\u00e5ra skyldigheter enligt avtal eller lag. T\u00e4nk p\u00e5 att \u00e5terkallelse av samtycke kan inneb\u00e4ra att vi inte kan fullg\u00f6ra vissa aktiviteter och information som vi har i verksamheten i f\u00f6rh\u00e5llande till er. Granviks f\u00f6rskola ansvarar f\u00f6r att dessa samtycken gallras n\u00e4r de inte l\u00e4ngre \u00e4r aktuella.<\/li>\n<li>Hantering\/Spara Att spara personuppgifter \u00e4r detsamma som att lagra dem. V\u00e5ra olika alternativ \u00e4r i v\u00e5r e-post, p\u00e5 en gemensam filserver eller analogt i p\u00e4rmar. De f\u00e5r inte sparas l\u00e4ngre tid \u00e4n vad som beh\u00f6vs f\u00f6r \u00e4ndam\u00e5let. Hur ska ok\u00e4nsliga personuppgifter sparas? Ok\u00e4nsliga personuppgifter \u00e4r harml\u00f6sa ur ett integritetsperspektiv och kan d\u00e4rf\u00f6r sparas digitalt p\u00e5 samtliga lagringsplatser som Granviks f\u00f6rskola tillhandah\u00e5ller, till exempel p\u00e5 filservern, i e-post, eller analogt i p\u00e4rmar.<\/li>\n<\/ol>\n<\/li>\n<\/ol>\n<p><span data-ccp-props=\"{&quot;201341983&quot;:0,&quot;335559739&quot;:160,&quot;335559740&quot;:259}\">\u00a0<\/span><\/p>\n<p><b>Hur ska integritetsk\u00e4nsliga personuppgifter sparas?<\/b>\u00a0<span data-ccp-props=\"{&quot;201341983&quot;:0,&quot;335559739&quot;:160,&quot;335559740&quot;:259}\">\u00a0<\/span><\/p>\n<p>Integritetsk\u00e4nsliga personuppgifter \u00e4r exempelvis personnummer, veckoschema, beskrivningar av barnets f\u00f6rm\u00e5gor, beskrivningar av deras hemf\u00f6rh\u00e5llanden eller en anm\u00e4lan om kr\u00e4nkande behandling. Integritetsk\u00e4nsliga personuppgifter ska alltid hanteras med f\u00f6rsiktighet och sparas i de system som de \u00e4r avsedda f\u00f6r. Endast om hanteringen \u00e4r s\u00e4ker kan s\u00e5dan information exporteras ur systemet och sparas p\u00e5 annan plats som Granviks f\u00f6rskola tillhandah\u00e5ller.\u00a0<span data-ccp-props=\"{&quot;201341983&quot;:0,&quot;335559739&quot;:160,&quot;335559740&quot;:259}\">\u00a0<\/span><\/p>\n<ul>\n<li>Pedagogiska kartl\u00e4ggningar och utredningar sparas p\u00e5 filservern s\u00e5 l\u00e4nge dokumentet delas enbart med den som har r\u00e4tt till det, alternativt lokalt p\u00e5 datorn i ett l\u00f6senordskyddat dokument eller i ett s\u00e4kerhetssk\u00e5p.<\/li>\n<li>Uppgifter om barnets eller familjens sociala situation sparas p\u00e5 filservern s\u00e5 l\u00e4nge dokumentet delas enbart med den som har r\u00e4tt till det.<\/li>\n<li>Kr\u00e4nkningsanm\u00e4lningar ska g\u00f6ras p\u00e5 filservern eller analogt i p\u00e4rmar.<\/li>\n<li>Anm\u00e4lan om tillbud\/olycksfall ska g\u00f6ras och sparas digital eller i pappersform<\/li>\n<\/ul>\n<p><span data-ccp-props=\"{&quot;201341983&quot;:0,&quot;335559739&quot;:160,&quot;335559740&quot;:259}\">\u00a0<\/span><\/p>\n<p><b>Hur ska k\u00e4nsliga personuppgifter sparas?<\/b>\u00a0<span data-ccp-props=\"{&quot;201341983&quot;:0,&quot;335559739&quot;:160,&quot;335559740&quot;:259}\">\u00a0<\/span><\/p>\n<p>K\u00e4nsliga personuppgifter \u00e4r exempelvis uppgifter om social bakgrund och oavsett k\u00f6n, etnisk tillh\u00f6righet, religion eller annan trosuppfattning, sexuell l\u00e4ggning eller funktionsneds\u00e4ttning , politiska \u00e5sikter, religi\u00f6s eller filosofisk \u00f6vertygelse, medlemskap i en fackf\u00f6rening, h\u00e4lsa, samt genetiska eller biometriska uppgifter. K\u00e4nsliga personuppgifter ska alltid hanteras med extra f\u00f6rsiktighet och sparas i avsedda IT-system. De ska inte lyftas ut ur avsedda IT-system eller sparas p\u00e5 annan plats om inte hanteringen \u00e4r s\u00e4ker. F\u00f6r Granviks f\u00f6rskola kommer endast uppgifter om h\u00e4lsa att samlas in p\u00e5 de barn de ber\u00f6r och inget annat.\u00a0<span data-ccp-props=\"{&quot;201341983&quot;:0,&quot;335559739&quot;:160,&quot;335559740&quot;:259}\">\u00a0<\/span><\/p>\n<ul>\n<li>F\u00f6rskolepersonal kan beh\u00f6va spara k\u00e4nsliga personuppgifter. Det kan exempelvis vara en pedagog som beh\u00f6ver skriva egna minnesanteckningar vid en situation f\u00f6r att alla barn ska f\u00e5 de b\u00e4sta f\u00f6ruts\u00e4ttningarna utifr\u00e5n sina behov. Denna typ av anteckningar ska g\u00f6ras och sparas p\u00e5 filservern eller analogt i p\u00e4rmar s\u00e5 l\u00e4nge dokumentet delas enbart med den som har r\u00e4tt till det, alternativt lokalt p\u00e5 datorn i ett l\u00f6senordskyddat dokument eller i ett s\u00e4kerhetssk\u00e5p.<\/li>\n<li>Uppgifter om allergi och specialkost ska g\u00f6ras och sparas p\u00e5 filservern s\u00e5 l\u00e4nge dokumentet delas enbart med den som har r\u00e4tt till det, alternativt lokalt p\u00e5 datorn i ett l\u00f6senordskyddat dokument, i p\u00e4rmar eller i ett s\u00e4kerhetssk\u00e5p.<\/li>\n<\/ul>\n<p><b>4<\/b><b>.<\/b><b>Dela<\/b>\u00a0<span data-ccp-props=\"{&quot;201341983&quot;:0,&quot;335559739&quot;:160,&quot;335559740&quot;:259}\">\u00a0<\/span><\/p>\n<p>Med delning av personuppgifter menas att personuppgifter delas\/sprids mellan individer. N\u00e4r person A delar personuppgifter med person B ska det g\u00f6ras med omsorg och h\u00e4nsyn till om det \u00e4r ok\u00e4nsliga, integritetsk\u00e4nsliga eller k\u00e4nsliga personuppgifter som delas.\u00a0<span data-ccp-props=\"{&quot;201341983&quot;:0,&quot;335559739&quot;:160,&quot;335559740&quot;:259}\">\u00a0<\/span><\/p>\n<p><b>Hur ska ok\u00e4nsliga personuppgifter delas?<\/b>\u00a0<span data-ccp-props=\"{&quot;201341983&quot;:0,&quot;335559739&quot;:160,&quot;335559740&quot;:259}\">\u00a0<\/span><\/p>\n<p>Ok\u00e4nsliga personuppgifter \u00e4r harml\u00f6sa ur ett integritetsperspektiv och kan delas digitalt p\u00e5 de olika s\u00e4tt som Granviks f\u00f6rskola har tillg\u00e5ng till.\u00a0<span data-ccp-props=\"{&quot;201341983&quot;:0,&quot;335559739&quot;:160,&quot;335559740&quot;:259}\">\u00a0<\/span><\/p>\n<p><b>Hur ska integritetsk\u00e4nsliga personuppgifter delas?<\/b>\u00a0<span data-ccp-props=\"{&quot;201341983&quot;:0,&quot;335559739&quot;:160,&quot;335559740&quot;:259}\">\u00a0<\/span><\/p>\n<p>Integritetsk\u00e4nsliga personuppgifter \u00e4r exempelvis personnummer, uppgifter om barnets f\u00f6r\u00e4ndrade kunnande, beskrivningar av barnets f\u00f6rm\u00e5gor eller beskrivningar av deras hemf\u00f6rh\u00e5llanden. Om vi beh\u00f6ver dela integritetsk\u00e4nsliga personuppgifter g\u00f6rs det via e-post (internt) d\u00e4r s\u00e4ndare och mottagare tar bort mejlet n\u00e4r det inte l\u00e4ngre beh\u00f6vs f\u00f6r syftet Hur ska k\u00e4nsliga personuppgifter delas? K\u00e4nsliga personuppgifter \u00e4r uppgifter om social bakgrund och oavsett k\u00f6n, etnisk tillh\u00f6righet, religion eller annan trosuppfattning, sexuell l\u00e4ggning eller funktionsneds\u00e4ttning, politiska \u00e5sikter, religi\u00f6s eller filosofisk \u00f6vertygelse, medlemskap i en fackf\u00f6rening, h\u00e4lsa, samt genetiska eller biometriska uppgifter. Om vi beh\u00f6ver dela k\u00e4nsliga personuppgifter g\u00f6rs det via e-post (internt) d\u00e4r s\u00e4ndare och mottagare tar bort mejlet n\u00e4r det inte l\u00e4ngre beh\u00f6vs f\u00f6r syftet.<\/p>\n<p>&nbsp;<\/p>\n<ol start=\"5\">\n<li><b> Arkivera\/gallring\u00a0<\/b><\/li>\n<\/ol>\n<p>N\u00e4r \u00e4ndam\u00e5let med personuppgifterna inte l\u00e4ngre \u00e4r aktuellt ska personuppgifterna arkiveras eller gallras. Granviks f\u00f6rskolas arkiveringsrutin anger hur l\u00e5ng tid olika typer av personuppgifter ska arkiveras. Huvudregeln \u00e4r \u2013 om inget annat anges i arkiveringsrutinen \u2013 att personuppgifter om barn och v\u00e5rdnadshavare ska gallras senast 12 m\u00e5nader efter att barnet slutat p\u00e5 f\u00f6rskolan. Om s\u00e4rskilda sk\u00e4l finns kan uppgifter sparas l\u00e4ngre \u00e4n 12 m\u00e5nader. Granviks f\u00f6rskolas f\u00f6rskolechef m\u00e5ste g\u00f6ra en bed\u00f6mning av vilket material som beh\u00f6ver sparas under en l\u00e4ngre tid och f\u00f6rskolechefen ansvarar ocks\u00e5 f\u00f6r att uppgifter tas bort n\u00e4r de inte l\u00e4ngre beh\u00f6vs. Alla personuppgifter gallras fr\u00e5n samtliga platser som de lagras p\u00e5 exempelvis<span data-ccp-props=\"{&quot;201341983&quot;:0,&quot;335559739&quot;:160,&quot;335559740&quot;:259}\">\u00a0<\/span><\/p>\n","protected":false},"excerpt":{"rendered":"<p>Integritets Policy \u2013 GDPR\u00a0 GDPR \u2013 General Data Protection Regulation\u00a0 Denna information delges till alla personer som har kontakt med personalkooperativet Granviks f\u00f6rskola Ekonomiska f\u00f6rening enligt dataskyddslagen g\u00e4llande from 2018-05-25. &nbsp; Inledning\u00a0 Vi v\u00e4rnar om ditt barns, dig som v\u00e5rdnadshavare samt v\u00e5r personals integritet och arbetar f\u00f6r att s\u00e4kerst\u00e4lla att dessa personuppgifter skyddas. Ni skall&hellip; <a class=\"more-link\" href=\"https:\/\/www.granviksforskola.se\/?page_id=1116\">Continue reading <span class=\"screen-reader-text\">Intigritetspolicy<\/span><\/a><\/p>\n","protected":false},"author":1,"featured_media":0,"parent":0,"menu_order":0,"comment_status":"closed","ping_status":"closed","template":"","meta":{"footnotes":""},"class_list":["post-1116","page","type-page","status-publish","hentry","entry"],"_links":{"self":[{"href":"https:\/\/www.granviksforskola.se\/index.php?rest_route=\/wp\/v2\/pages\/1116"}],"collection":[{"href":"https:\/\/www.granviksforskola.se\/index.php?rest_route=\/wp\/v2\/pages"}],"about":[{"href":"https:\/\/www.granviksforskola.se\/index.php?rest_route=\/wp\/v2\/types\/page"}],"author":[{"embeddable":true,"href":"https:\/\/www.granviksforskola.se\/index.php?rest_route=\/wp\/v2\/users\/1"}],"replies":[{"embeddable":true,"href":"https:\/\/www.granviksforskola.se\/index.php?rest_route=%2Fwp%2Fv2%2Fcomments&post=1116"}],"version-history":[{"count":2,"href":"https:\/\/www.granviksforskola.se\/index.php?rest_route=\/wp\/v2\/pages\/1116\/revisions"}],"predecessor-version":[{"id":1121,"href":"https:\/\/www.granviksforskola.se\/index.php?rest_route=\/wp\/v2\/pages\/1116\/revisions\/1121"}],"wp:attachment":[{"href":"https:\/\/www.granviksforskola.se\/index.php?rest_route=%2Fwp%2Fv2%2Fmedia&parent=1116"}],"curies":[{"name":"wp","href":"https:\/\/api.w.org\/{rel}","templated":true}]}}